{"id":263,"date":"2025-11-11T03:03:18","date_gmt":"2025-11-10T19:03:18","guid":{"rendered":"https:\/\/redeemerhospice.com\/?page_id=263"},"modified":"2025-11-28T05:06:55","modified_gmt":"2025-11-27T21:06:55","slug":"candle-lighting-memorial","status":"publish","type":"page","link":"https:\/\/redeemerhospice.com\/es\/candle-lighting-memorial\/","title":{"rendered":"Memorial de luz de velas"},"content":{"rendered":"<div data-elementor-type=\"wp-page\" data-elementor-id=\"263\" class=\"elementor elementor-263\" data-elementor-post-type=\"page\">\n\t\t\t\t<div class=\"elementor-element elementor-element-6dc7ef5 e-con-full e-flex e-con e-parent\" data-id=\"6dc7ef5\" data-element_type=\"container\" data-e-type=\"container\">\n\t\t\t\t<div class=\"elementor-element elementor-element-ece86e7 elementor-widget elementor-widget-html\" data-id=\"ece86e7\" data-element_type=\"widget\" data-e-type=\"widget\" data-widget_type=\"html.default\">\n\t\t\t\t\t<!-- \u2705 Candle Lighting Memorial Section -->\r\n<section class=\"memorial-section\">\r\n  <div class=\"memorial-container\">\r\n    <!-- Top Icon -->\r\n    <div class=\"memorial-icon\">\r\n     <svg xmlns=\"http:\/\/www.w3.org\/2000\/svg\" width=\"30\" height=\"44\" viewbox=\"0 0 24 24\" fill=\"none\" stroke=\"#6ba292\" stroke-width=\"2\" stroke-linecap=\"round\" stroke-linejoin=\"round\" class=\"lucide lucide-flame w-8 h-8 text-secondary\"><path d=\"M8.5 14.5A2.5 2.5 0 0 0 11 12c0-1.38-.5-2-1-3-1.072-2.143-.224-4.054 2-6 .5 2.5 2 4.9 4 6.5 2 1.6 3 3.5 3 5.5a7 7 0 1 1-14 0c0-1.153.433-2.294 1-3a2.5 2.5 0 0 0 2.5 2.5z\"><\/path><\/svg>\r\n    <\/div>\r\n\r\n    <!-- Title -->\r\n    <h2 class=\"memorial-title\">Memorial de luz de velas<\/h2>\r\n\r\n    <!-- Subtitle -->\r\n    <p class=\"memorial-description\">\r\n  Una noche para recordar y honrar a la gente que hemos amado y perdido. \u00danete a nuestra comunidad por un tiempo de consuelo, reflexi\u00f3n y recuerdo pac\u00edfico. Adem\u00e1s, esta reuni\u00f3n ofrece una manera significativa para que las familias se conecten y encuentren comodidad juntos.\r\n<\/p>\r\n\r\n    <!-- Buttons -->\r\n    <div class=\"memorial-buttons\">\r\n   <a href=\"tel:9566793220\" class=\"btn btn-call\">\r\n  <svg xmlns=\"http:\/\/www.w3.org\/2000\/svg\" width=\"24\" height=\"22\" fill=\"none\" stroke=\"white\" stroke-width=\"2\" stroke-linecap=\"round\" stroke-linejoin=\"round\">\r\n    <path d=\"M22 16.92v3a2 2 0 0 1-2.18 2A19.79 19.79 0 0 1 11.19 19a19.5 19.5 0 0 1-6-6A19.79 19.79 0 0 1 2.12 4.3 2 2 0 0 1 4.11 2h3a2 2 0 0 1 2 1.72 12.84 12.84 0 0 0 .7 2.81 2 2 0 0 1-.45 2.11L8.09 9.91a16 16 0 0 0 6 6l1.27-1.27a2 2 0 0 1 2.11-.45 12.84 12.84 0 0 0 2.81.7A2 2 0 0 1 22 16.92z\"\/>\r\n  <\/svg>\r\n  Llamar a la informaci\u00f3n\r\n<\/a>\r\n\r\n\r\n      <a href=\"mailto:intake@redeemerhospice.com\" class=\"btn btn-email\">\r\n       <svg xmlns=\"http:\/\/www.w3.org\/2000\/svg\" width=\"24\" height=\"24\" viewbox=\"0 0 24 24\" fill=\"none\" stroke=\"currentColor\" stroke-width=\"2\" stroke-linecap=\"round\" stroke-linejoin=\"round\" class=\"lucide lucide-mail w-5 h-5\"><rect width=\"20\" height=\"16\" x=\"2\" y=\"4\" rx=\"2\"><\/rect><path d=\"m22 7-8.97 5.7a1.94 1.94 0 0 1-2.06 0L2 7\"><\/path><\/svg>\r\n        Preguntas por correo electr\u00f3nico\r\n      <\/a>\r\n    <\/div>\r\n  <\/div>\r\n<\/section>\r\n\r\n<style>\r\n\/* ====== Memorial Section ====== *\/\r\n.memorial-section {\r\n  text-align: center;\r\n  padding: 100px 20px;\r\n  background: #fff;\r\n  color: #1f2937;\r\n  font-family: \"Inter\", sans-serif;\r\n}\r\n\r\n.memorial-container {\r\n  max-width: 900px;\r\n  margin: 0 auto;\r\n}\r\n\r\n\/* ====== Icon ====== *\/\r\n.memorial-icon {\r\n  width: 80px;\r\n  height: 80px;\r\n  background: #e9f0ed;\r\n  border-radius: 50%;\r\n  display: flex;\r\n  align-items: center;\r\n  justify-content: center;\r\n  margin: 0 auto 25px;\r\n}\r\n\r\n\/* ====== Title ====== *\/\r\n.memorial-title {\r\n  font-size: 2.2rem;\r\n  font-weight: 700;\r\n  margin-bottom: 20px;\r\n}\r\n\r\n\/* ====== Description ====== *\/\r\n.memorial-description {\r\n  font-size: 1.1rem;\r\n  line-height: 1.6;\r\n  color: #333;\r\n  max-width: 750px;\r\n  margin: 0 auto 40px;\r\n}\r\n\r\n\/* ====== Buttons ====== *\/\r\n.memorial-buttons {\r\n  display: flex;\r\n  justify-content: center;\r\n  gap: 15px;\r\n  flex-wrap: wrap;\r\n}\r\n\r\n\/* Shared Button Styles *\/\r\n.btn {\r\n  display: inline-flex;\r\n  align-items: center;\r\n  justify-content: center;\r\n  gap: 8px;\r\n  border-radius: 8px;\r\n  font-weight: 600;\r\n  text-decoration: none;\r\n  padding: 12px 24px;\r\n  transition: all 0.3s ease;\r\n  font-size: 1rem;\r\n  line-height: 1;\r\n}\r\n\r\n\/* Call Button *\/\r\n.btn-call {\r\n  background-color: #2E5D50;\r\n  color: #fff;\r\n}\r\n.btn-call:hover {\r\n  background-color: #254b41;\r\n  color:#fff;\r\n}\r\n\r\n\/* Email Button *\/\r\n.btn-email {\r\n  background-color: #fff;\r\n  border: 1px solid #ccc;\r\n  color: #1f2937;\r\n}\r\n.btn-email:hover {\r\n  background-color: #f9f9f9;\r\n  \r\n}\r\n\r\n\/* Responsive *\/\r\n@media (max-width: 640px) {\r\n  .memorial-title {\r\n    font-size: 1.8rem;\r\n  }\r\n  .memorial-description {\r\n    font-size: 1rem;\r\n  }\r\n}\r\n<\/style>\r\n\t\t\t\t<\/div>\n\t\t\t\t<\/div>\n\t\t<div class=\"elementor-element elementor-element-11eefe7 e-con-full e-flex e-con e-parent\" data-id=\"11eefe7\" data-element_type=\"container\" data-e-type=\"container\">\n\t\t\t\t<div class=\"elementor-element elementor-element-34b2aaa elementor-widget elementor-widget-html\" data-id=\"34b2aaa\" data-element_type=\"widget\" data-e-type=\"widget\" data-widget_type=\"html.default\">\n\t\t\t\t\t<!-- \u2705 A Time of Remembrance and Comfort Section -->\r\n<section class=\"remembrance-section\">\r\n  <div class=\"remembrance-container\">\r\n    <h1>Un tiempo de recuerdo y consuelo<\/h1>\r\n    <p>\r\n     Nuestro memorial anual de luz de velas re\u00fane a familias y amigos para recordar a seres queridos que han tocado nuestras vidas. En esta suave ceremonia ofrecemos un espacio tranquilo y acogedor para reflexionar y curar. Adem\u00e1s, la reuni\u00f3n ofrece una manera significativa de honrar a aquellos que permanecen cerca de nuestros corazones.\r\n    <\/p>\r\n\r\n    <div class=\"remembrance-grid\">\r\n      <!-- Card 1 -->\r\n      <div class=\"remembrance-card\">\r\n        <div class=\"icon-circle\">\r\n        <svg xmlns=\"http:\/\/www.w3.org\/2000\/svg\" width=\"24\" height=\"24\" viewbox=\"0 0 24 24\" fill=\"none\" stroke=\"#6ba292\" stroke-width=\"2\" stroke-linecap=\"round\" stroke-linejoin=\"round\" class=\"lucide lucide-flame w-6 h-6 text-secondary\"><path d=\"M8.5 14.5A2.5 2.5 0 0 0 11 12c0-1.38-.5-2-1-3-1.072-2.143-.224-4.054 2-6 .5 2.5 2 4.9 4 6.5 2 1.6 3 3.5 3 5.5a7 7 0 1 1-14 0c0-1.153.433-2.294 1-3a2.5 2.5 0 0 0 2.5 2.5z\"><\/path><\/svg>\r\n        <\/div>\r\n        <h3>Ceremonia de iluminaci\u00f3n de velas<\/h3>\r\n        <p>\r\n        Durante la ceremonia, cada familia enciende una vela en memoria de su ser querido. A medida que brillan las velas, la habitaci\u00f3n se llena de luz c\u00e1lida que simboliza el amor, la conexi\u00f3n y el recuerdo.\r\n        <\/p>\r\n      <\/div>\r\n\r\n      <!-- Card 2 -->\r\n      <div class=\"remembrance-card\">\r\n        <div class=\"icon-circle\">\r\n          <svg xmlns=\"http:\/\/www.w3.org\/2000\/svg\" width=\"28\" height=\"28\" fill=\"none\" stroke=\"#6E9B8E\" stroke-width=\"2\" stroke-linecap=\"round\" stroke-linejoin=\"round\" class=\"lucide lucide-heart\">\r\n            <path d=\"M20.84 4.61a5.5 5.5 0 0 1 .33 7.78L12 21.23l-9.17-8.84a5.5 5.5 0 0 1 .33-7.78A5.46 5.46 0 0 1 8 3.5a5.46 5.46 0 0 1 4 1.77A5.46 5.46 0 0 1 16 3.5a5.46 5.46 0 0 1 4.84 1.11Z\"\/>\r\n          <\/svg>\r\n        <\/div>\r\n        <h3>M\u00fasica y reflexi\u00f3n<\/h3>\r\n        <p>\r\n         La m\u00fasica suave y las lecturas reflexivas ayudan a crear un ambiente tranquilo. Adem\u00e1s, momentos tranquilos permiten a las familias reflexionar sobre los recuerdos y encontrar consuelo juntos.\r\n        <\/p>\r\n      <\/div>\r\n\r\n      <!-- Card 3 -->\r\n      <div class=\"remembrance-card\">\r\n        <div class=\"icon-circle\">\r\n         <svg xmlns=\"http:\/\/www.w3.org\/2000\/svg\" width=\"24\" height=\"24\" viewbox=\"0 0 24 24\" fill=\"none\" stroke=\"#6E9B8E\" stroke-width=\"2\" stroke-linecap=\"round\" stroke-linejoin=\"round\" class=\"lucide lucide-users w-6 h-6 text-secondary\"><path d=\"M16 21v-2a4 4 0 0 0-4-4H6a4 4 0 0 0-4 4v2\"><\/path><circle cx=\"9\" cy=\"7\" r=\"4\"><\/circle><path d=\"M22 21v-2a4 4 0 0 0-3-3.87\"><\/path><path d=\"M16 3.13a4 4 0 0 1 0 7.75\"><\/path><\/svg>\r\n        <\/div>\r\n        <h3>Beca comunitaria<\/h3>\r\n        <p>\r\n         Esta reuni\u00f3n tambi\u00e9n fomenta la conexi\u00f3n con otros que entienden un viaje similar. Por lo tanto, muchos asistentes se sienten apoyados y comprendidos dentro de una comunidad que cuida.\r\n        <\/p>\r\n      <\/div>\r\n\r\n      <!-- Card 4 -->\r\n      <div class=\"remembrance-card\">\r\n        <div class=\"icon-circle\">\r\n          <svg xmlns=\"http:\/\/www.w3.org\/2000\/svg\" width=\"28\" height=\"28\" fill=\"none\" stroke=\"#6E9B8E\" stroke-width=\"2\" stroke-linecap=\"round\" stroke-linejoin=\"round\" class=\"lucide lucide-calendar\">\r\n            <rect x=\"3\" y=\"4\" width=\"18\" height=\"18\" rx=\"2\"\/>\r\n            <line x1=\"16\" y1=\"2\" x2=\"16\" y2=\"6\"\/>\r\n            <line x1=\"8\" y1=\"2\" x2=\"8\" y2=\"6\"\/>\r\n            <line x1=\"3\" y1=\"10\" x2=\"21\" y2=\"10\"\/>\r\n          <\/svg>\r\n        <\/div>\r\n        <h3>Tradici\u00f3n anual<\/h3>\r\n        <p>\r\n        Con el tiempo esta ceremonia se ha convertido en una tradici\u00f3n preciada para nuestra comunidad de hospicios. Las familias regresan cada a\u00f1o para honrar la vida de sus seres queridos. Por consiguiente, el evento contin\u00faa creciendo en calidez, prop\u00f3sito y unidad.\r\n        <\/p>\r\n      <\/div>\r\n    <\/div>\r\n  <\/div>\r\n<\/section>\r\n\r\n<style>\r\n\/* ====== Section Styling ====== *\/\r\n.remembrance-section {\r\n  background: #fff;\r\n  text-align: center;\r\n  padding: 100px 20px;\r\n  color: #1f2937;\r\n}\r\n\r\n.remembrance-container {\r\n  max-width: 1100px;\r\n  margin: 0 auto;\r\n}\r\n\r\n.remembrance-section h1 {\r\n  font-size: 2.2rem;\r\n  font-weight: 700;\r\n  margin-bottom: 25px;\r\n}\r\n\r\n.remembrance-section p {\r\n  font-size: 1.1rem;\r\n  color: #374151;\r\n  line-height: 1.7;\r\n  margin-bottom: 60px;\r\n}\r\n\r\n\/* ====== Grid Layout ====== *\/\r\n.remembrance-grid {\r\n  display: grid;\r\n  grid-template-columns: repeat(2, 1fr);\r\n  gap: 50px 80px;\r\n  justify-items: center;\r\n}\r\n\r\n\/* ====== Card Styling ====== *\/\r\n.remembrance-card {\r\n  background: #fff;\r\n  text-align: center;\r\n  padding: 20px 30px;\r\n  border-radius: 12px;\r\n  transition: all 0.3s ease;\r\n  max-width: 420px;\r\n}\r\n\r\n.remembrance-card:hover {\r\n  transform: translateY(-6px);\r\n}\r\n\r\n.icon-circle {\r\n  background-color: #e8f3ee;\r\n  width: 70px;\r\n  height: 70px;\r\n  border-radius: 50%;\r\n  display: flex;\r\n  align-items: center;\r\n  justify-content: center;\r\n  margin: 0 auto 20px;\r\n}\r\n\r\n.remembrance-card h3 {\r\n  font-size: 1.3rem;\r\n  font-weight: 600;\r\n  color: #1f2937;\r\n  margin-bottom: 12px;\r\n}\r\n\r\n.remembrance-card p {\r\n  font-size: 1rem;\r\n  color: #4b5563;\r\n  line-height: 1.6;\r\n}\r\n\r\n\/* ====== Responsive ====== *\/\r\n@media (max-width: 900px) {\r\n  .remembrance-grid {\r\n    grid-template-columns: 1fr;\r\n    gap: 40px;\r\n  }\r\n  .remembrance-card {\r\n    max-width: 100%;\r\n  }\r\n  .remembrance-section h2 {\r\n    font-size: 1.9rem;\r\n  }\r\n}\r\n<\/style>\r\n\t\t\t\t<\/div>\n\t\t\t\t<\/div>\n\t\t<div class=\"elementor-element elementor-element-217a1e9 e-con-full e-flex e-con e-parent\" data-id=\"217a1e9\" data-element_type=\"container\" data-e-type=\"container\">\n\t\t\t\t<div class=\"elementor-element elementor-element-cdcf267 elementor-widget elementor-widget-html\" data-id=\"cdcf267\" data-element_type=\"widget\" data-e-type=\"widget\" data-widget_type=\"html.default\">\n\t\t\t\t\t<section class=\"remembrance-section\">\r\n  <div class=\"remembrance-container\">\r\n    <h2 class=\"section-title\">Momentos de Recuerdo<\/h2>\r\n    <p class=\"section-subtitle\">\r\n     Las fotos que est\u00e1n abajo captan la belleza y el significado de nuestro Memorial de Luz de Velas - momentos llenos de amor, comunidad y reflexi\u00f3n pac\u00edfica. <\/p>\r\n\r\n    <div class=\"photo-grid\">\r\n      <!-- Card 1 -->\r\n      <div class=\"photo-card\">\r\n        <div class=\"photo-wrapper\">\r\n          <img decoding=\"async\" src=\"\/wp-content\/uploads\/2025\/11\/PHOTO-2024-09-14-21-27-59.jpg.webp\" alt=\"Man hugging woman\">\r\n        <\/div>\r\n        <p class=\"photo-caption\">Un momento de confort y conexi\u00f3n<\/p>\r\n      <\/div>\r\n\r\n      <!-- Card 2 -->\r\n      <div class=\"photo-card\">\r\n        <div class=\"photo-wrapper\">\r\n          <img decoding=\"async\" src=\"\/wp-content\/uploads\/2025\/11\/DSC03473.JPG.webp\" alt=\"Woman holding candle and photo\">\r\n        <\/div>\r\n        <p class=\"photo-caption\">Honrando recuerdos preciosos<\/p>\r\n      <\/div>\r\n\r\n      <!-- Card 3 -->\r\n      <div class=\"photo-card\">\r\n        <div class=\"photo-wrapper\">\r\n          <img decoding=\"async\" src=\"\/wp-content\/uploads\/2025\/11\/DSC03487.JPG.webp\" alt=\"Elderly woman holding a candle\">\r\n        <\/div>\r\n        <p class=\"photo-caption\">Luz del recuerdo<\/p>\r\n      <\/div>\r\n\r\n      <!-- Card 4 -->\r\n      <div class=\"photo-card\">\r\n        <div class=\"photo-wrapper\">\r\n          <img decoding=\"async\" src=\"\/wp-content\/uploads\/2025\/11\/PHOTO-2024-09-14-21-28-00.webp\" alt=\"Two people lighting candles together\">\r\n        <\/div>\r\n        <p class=\"photo-caption\">Juntos en memoria<\/p>\r\n      <\/div>\r\n\r\n      <!-- Card 5 -->\r\n      <div class=\"photo-card\">\r\n        <div class=\"photo-wrapper\">\r\n          <img decoding=\"async\" src=\"\/wp-content\/uploads\/2025\/11\/PHOTO-2024-09-14-21-28-00.jpg.webp\" alt=\"Redeemer Hospice candle close-up\">\r\n        <\/div>\r\n        <p class=\"photo-caption\">Velas memoriales de esperanza<\/p>\r\n      <\/div>\r\n\r\n      <!-- Card 6 -->\r\n      <div class=\"photo-card\">\r\n        <div class=\"photo-wrapper\">\r\n          <img decoding=\"async\" src=\"\/wp-content\/uploads\/2025\/11\/DSC00424.JPG.webp\" alt=\"Community releasing balloons\">\r\n        <\/div>\r\n        <p class=\"photo-caption\">Una celebraci\u00f3n suave de la vida<\/p>\r\n      <\/div>\r\n    <\/div>\r\n  <\/div>\r\n<\/section>\r\n\r\n<style>\r\n.remembrance-section {\r\n  text-align: center;\r\n  padding: 60px 20px;\r\n  background-color: #fff;\r\n  \r\n}\r\n\r\n.section-title {\r\n  font-size: 2rem;\r\n  font-weight: 700;\r\n  color: #1e1e1e;\r\n  margin-bottom: 16px;\r\n}\r\n\r\n.section-subtitle {\r\n  font-size: 1.125rem;\r\n  color: #444;\r\n  max-width: 850px;\r\n  margin: 0 auto 50px;\r\n  line-height: 1.6;\r\n}\r\n\r\n.photo-grid {\r\n  display: grid;\r\n  grid-template-columns: repeat(auto-fit, minmax(300px, 1fr));\r\n  gap: 24px;\r\n  justify-items: center;\r\n}\r\n\r\n.photo-card {\r\n  background-color: #fff;\r\n  border-radius: 12px;\r\n  box-shadow: 0 2px 8px rgba(0,0,0,0.08);\r\n  overflow: hidden;\r\n  transition: transform 0.3s ease, box-shadow 0.3s ease;\r\n  display: flex;\r\n  flex-direction: column;\r\n  justify-content: space-between;\r\n}\r\n\r\n.photo-card:hover {\r\n  transform: translateY(-5px);\r\n  box-shadow: 0 8px 20px rgba(0,0,0,0.12);\r\n}\r\n\r\n.photo-wrapper {\r\n  width: 100%;\r\n  height: 100%;\r\n  overflow: hidden;\r\n}\r\n\r\n.photo-wrapper img {\r\n  width: 100%;\r\n  height: auto;\r\n  display: block;\r\n  object-fit: cover;\r\n}\r\n\r\n.photo-caption {\r\n  font-size: 1rem;\r\n  color: #333;\r\n  padding: 16px;\r\n  margin: 0;\r\n  border-top: 1px solid #eee;\r\n  background-color: #fff;\r\n}\r\n<\/style>\r\n\t\t\t\t<\/div>\n\t\t\t\t<\/div>\n\t\t<div class=\"elementor-element elementor-element-bbd7b2c e-con-full e-flex e-con e-parent\" data-id=\"bbd7b2c\" data-element_type=\"container\" data-e-type=\"container\">\n\t\t\t\t<div class=\"elementor-element elementor-element-b1a1ffb elementor-widget elementor-widget-html\" data-id=\"b1a1ffb\" data-element_type=\"widget\" data-e-type=\"widget\" data-widget_type=\"html.default\">\n\t\t\t\t\t<section class=\"event-info-section\">\r\n  <div class=\"container\">\r\n    <h2 class=\"event-title\">Informaci\u00f3n de eventos<\/h2>\r\n\r\n    <div class=\"event-grid\">\r\n      <!-- Card 1 -->\r\n      <div class=\"event-card\">\r\n        <div class=\"event-header\">\r\n          <div class=\"event-icon\">\r\n            <svg xmlns=\"http:\/\/www.w3.org\/2000\/svg\" width=\"24\" height=\"24\" fill=\"none\" stroke=\"#5a8378\" stroke-width=\"2\" stroke-linecap=\"round\" stroke-linejoin=\"round\">\r\n              <circle cx=\"12\" cy=\"12\" r=\"10\"><\/circle>\r\n              <polyline points=\"12 6 12 12 16 14\"><\/polyline>\r\n            <\/svg>\r\n          <\/div>\r\n          <h3 class=\"event-card-title\">Cuando<\/h3>\r\n        <\/div>\r\n        <p>\r\n        Nuestro Memorial de Luz de Velas se celebra generalmente en diciembre, ofreciendo una forma confortante de honrar a los seres queridos durante la temporada de vacaciones. Cada a\u00f1o se anuncian fechas y horas espec\u00edficos. Por lo tanto, por favor ll\u00e1menos para los detalles m\u00e1s actuales.\r\n        <\/p>\r\n       \r\n      <\/div>\r\n\r\n      <!-- Card 2 -->\r\n      <div class=\"event-card\">\r\n        <div class=\"event-header\">\r\n          <div class=\"event-icon\">\r\n            <svg xmlns=\"http:\/\/www.w3.org\/2000\/svg\" width=\"24\" height=\"24\" fill=\"none\" stroke=\"#5a8378\" stroke-width=\"2\" stroke-linecap=\"round\" stroke-linejoin=\"round\">\r\n              <path d=\"M21 10c0 6-9 13-9 13S3 16 3 10a9 9 0 1 1 18 0z\"><\/path>\r\n              <circle cx=\"12\" cy=\"10\" r=\"3\"><\/circle>\r\n            <\/svg>\r\n          <\/div>\r\n          <h3 class=\"event-card-title\">Donde<\/h3>\r\n        <\/div>\r\n        <p>\r\n         La ceremonia se realiza en una iglesia local o centro comunitario de Laredo, proporcionando un ambiente tranquilo y acogedor. Una vez que nos contacte, le proporcionaremos la direcci\u00f3n exacta.\r\n        <\/p>\r\n       \r\n      <\/div>\r\n    <\/div>\r\n  <\/div>\r\n<\/section>\r\n\r\n<style>\r\n\/* Base Section *\/\r\n.event-info-section {\r\n  padding: 80px 20px;\r\n  background-color: #fff;\r\n  text-align: center;\r\n}\r\n\r\n.event-title {\r\n  font-size: 2rem;\r\n  font-weight: 700;\r\n  color: #333;\r\n  margin-bottom: 50px;\r\n}\r\n\r\n\/* Grid Layout *\/\r\n.event-grid {\r\n  display: grid;\r\n  grid-template-columns: repeat(auto-fit, minmax(320px, 1fr));\r\n  gap: 30px;\r\n  justify-content: center;\r\n  max-width: 1000px;\r\n  margin: 0 auto;\r\n}\r\n\r\n\/* Card *\/\r\n.event-card {\r\n  background: #fff;\r\n  border: 1px solid #e5e7eb;\r\n  border-radius: 16px;\r\n  padding: 30px 25px;\r\n  box-shadow: 0 2px 6px rgba(0, 0, 0, 0.05);\r\n  text-align: left;\r\n  transition: transform 0.3s ease, box-shadow 0.3s ease;\r\n}\r\n\r\n.event-card:hover {\r\n  transform: translateY(-4px);\r\n  box-shadow: 0 6px 16px rgba(0, 0, 0, 0.08);\r\n}\r\n\r\n\/* \u2705 Icon + Title (Tapad Style) *\/\r\n.event-header {\r\n  display: flex;\r\n  align-items: center;\r\n  gap: 10px;\r\n  margin-bottom: 12px;\r\n}\r\n\r\n.event-icon {\r\n  flex-shrink: 0;\r\n  display: flex;\r\n  align-items: center;\r\n  justify-content: center;\r\n}\r\n\r\n.event-card-title {\r\n  font-size: 1.25rem;\r\n  font-weight: 700;\r\n  color: #333;\r\n  margin: 0;\r\n}\r\n\r\n.event-card p {\r\n  color: #444;\r\n  line-height: 1.6;\r\n  margin: 0 0 10px;\r\n}\r\n\r\n.event-note {\r\n  color: #666;\r\n  font-size: 0.95rem;\r\n}\r\n\r\n\/* \u2705 Mobile Responsive *\/\r\n@media (max-width: 768px) {\r\n  .event-info-section {\r\n    padding: 60px 16px;\r\n  }\r\n\r\n  .event-title {\r\n    font-size: 1.75rem;\r\n    margin-bottom: 40px;\r\n  }\r\n\r\n  .event-grid {\r\n    grid-template-columns: 1fr;\r\n    gap: 24px;\r\n  }\r\n\r\n  .event-card {\r\n    max-width: 400px;\r\n    margin: 0 auto;\r\n    text-align: left;\r\n    padding: 25px 20px;\r\n  }\r\n\r\n  .event-card-title {\r\n    font-size: 1.15rem;\r\n  }\r\n\r\n  .event-card p {\r\n    font-size: 0.98rem;\r\n  }\r\n}\r\n<\/style>\r\n\t\t\t\t<\/div>\n\t\t\t\t<\/div>\n\t\t<div class=\"elementor-element elementor-element-783d893 e-con-full e-flex e-con e-parent\" data-id=\"783d893\" data-element_type=\"container\" data-e-type=\"container\">\n\t\t\t\t<div class=\"elementor-element elementor-element-0d050da elementor-widget elementor-widget-html\" data-id=\"0d050da\" data-element_type=\"widget\" data-e-type=\"widget\" data-widget_type=\"html.default\">\n\t\t\t\t\t<section class=\"participate-section\">\r\n  <div class=\"container\">\r\n    <h2 class=\"participate-title\">C\u00f3mo participar<\/h2>\r\n    <p class=\"participate-desc\">\r\n   Todos los que han sufrido p\u00e9rdidas son bienvenidos a unirse a nosotros. No se requiere inscripci\u00f3n. En cambio, simplemente venga como est\u00e1, listo para honrar la memoria de su ser querido.\r\n    <\/p>\r\n\r\n    <div class=\"participate-card\">\r\n      <h3 class=\"expect-title\">Qu\u00e9 esperar<\/h3>\r\n\r\n      <div class=\"participate-columns\">\r\n        <!-- Column 1 -->\r\n        <div class=\"participate-col\">\r\n          <h4>Lo que proveemos<\/h4>\r\n          <ul>\r\n            <li>Velas memoriales para cada familia<\/li>\r\n            <li>Refrescos ligeros<\/li>\r\n            <li>Situaci\u00f3n tranquila y acogedora<\/li>\r\n            <li>M\u00fasica suave y lecturas<\/li>\r\n          <\/ul>\r\n        <\/div>\r\n\r\n        <!-- Column 2 -->\r\n        <div class=\"participate-col\">\r\n          <h4>Qu\u00e9 traer<\/h4>\r\n          <ul>\r\n            <li>A ti y a tus recuerdos<\/li>\r\n            <li>Una foto de tu ser querido (opcional)<\/li>\r\n            <li>Familia o amigos para apoyo<\/li>\r\n            <li>Un coraz\u00f3n abierto para la curaci\u00f3n<\/li>\r\n          <\/ul>\r\n        <\/div>\r\n      <\/div>\r\n    <\/div>\r\n  <\/div>\r\n<\/section>\r\n\r\n<style>\r\n\/* === Base Section === *\/\r\n.participate-section {\r\n  background-color: #fafafa;\r\n  padding: 80px 20px;\r\n  text-align: center;\r\n}\r\n\r\n.participate-title {\r\n  font-size: 2rem;\r\n  font-weight: 700;\r\n  color: #333;\r\n  margin-bottom: 16px;\r\n}\r\n\r\n.participate-desc {\r\n  max-width: 700px;\r\n  margin: 0 auto 50px;\r\n  color: #444;\r\n  font-size: 1.05rem;\r\n  line-height: 1.6;\r\n}\r\n\r\n\/* === Card === *\/\r\n.participate-card {\r\n  background-color: #fff;\r\n  border: 1px solid #e5e7eb;\r\n  border-radius: 12px;\r\n  padding: 40px;\r\n  max-width: 900px;\r\n  margin: 0 auto;\r\n  box-shadow: 0 2px 5px rgba(0, 0, 0, 0.04);\r\n  text-align: left;\r\n}\r\n\r\n.expect-title {\r\n  text-align: center;\r\n  font-size: 1.3rem;\r\n  font-weight: 700;\r\n  color: #333;\r\n  margin-bottom: 25px;\r\n}\r\n\r\n\/* === Two Columns (Desktop) === *\/\r\n.participate-columns {\r\n  display: flex;\r\n  justify-content: space-between;\r\n  align-items: flex-start;\r\n  gap: 40px;\r\n  flex-wrap: wrap;\r\n}\r\n\r\n.participate-col {\r\n  flex: 1 1 45%;\r\n  min-width: 260px;\r\n}\r\n\r\n.participate-col h4 {\r\n  font-size: 1.1rem;\r\n  font-weight: 700;\r\n  color: #333;\r\n  margin-bottom: 10px;\r\n}\r\n\r\n.participate-col ul {\r\n  list-style-type: disc;\r\n  padding-left: 20px;\r\n  color: #333;\r\n  line-height: 1.8;\r\n  font-size: 1rem;\r\n  margin: 0;\r\n}\r\n\r\n\/* === Responsive (Mobile Layout) === *\/\r\n@media (max-width: 768px) {\r\n  .participate-section {\r\n    padding: 60px 16px;\r\n  }\r\n\r\n  .participate-title {\r\n    font-size: 1.75rem;\r\n  }\r\n\r\n  .participate-desc {\r\n    margin-bottom: 40px;\r\n  }\r\n\r\n  .participate-card {\r\n    padding: 30px 22px;\r\n    text-align: left;\r\n  }\r\n\r\n  .expect-title {\r\n    font-size: 1.2rem;\r\n    margin-bottom: 20px;\r\n  }\r\n\r\n  .participate-columns {\r\n    flex-direction: column;\r\n    gap: 16px; \/* \u2705 Reduced vertical gap *\/\r\n  }\r\n\r\n  .participate-col {\r\n    margin-bottom: 0;\r\n  }\r\n\r\n  .participate-col h4 {\r\n    margin-bottom: 8px;\r\n  }\r\n}\r\n<\/style>\r\n\t\t\t\t<\/div>\n\t\t\t\t<\/div>\n\t\t<div class=\"elementor-element elementor-element-9b18dc0 e-con-full e-flex e-con e-parent\" data-id=\"9b18dc0\" data-element_type=\"container\" data-e-type=\"container\">\n\t\t\t\t<div class=\"elementor-element elementor-element-86f38c3 elementor-widget elementor-widget-html\" data-id=\"86f38c3\" data-element_type=\"widget\" data-e-type=\"widget\" data-widget_type=\"html.default\">\n\t\t\t\t\t<section class=\"contact-cta-section\">\r\n  <div class=\"container\">\r\n    <h2 class=\"cta-title\">\u00bfPreguntas sobre la ceremonia?<\/h2>\r\n    <p class=\"cta-desc\">\r\n   Estamos aqu\u00ed para ayudar y ser\u00eda un honor tenerle con nosotros esta noche de recuerdo.\r\n    <\/p>\r\n\r\n    <div class=\"cta-buttons\">\r\n      <!-- Call Button -->\r\n    <a href=\"tel:9566793220\" class=\"cta-btn call-btn\">\r\n  <svg xmlns=\"http:\/\/www.w3.org\/2000\/svg\" width=\"24\" height=\"24\" viewbox=\"0 0 24 24\" fill=\"none\" stroke=\"currentColor\" stroke-width=\"2\" stroke-linecap=\"round\" stroke-linejoin=\"round\" class=\"lucide lucide-phone w-5 h-5\">\r\n    <path d=\"M22 16.92v3a2 2 0 0 1-2.18 2 19.79 19.79 0 0 1-8.63-3.07 19.5 19.5 0 0 1-6-6 19.79 19.79 0 0 1-3.07-8.67A2 2 0 0 1 4.11 2h3a2 2 0 0 1 2 1.72 12.84 12.84 0 0 0 .7 2.81 2 2 0 0 1-.45 2.11L8.09 9.91a16 16 0 0 0 6 6l1.27-1.27a2 2 0 0 1 2.11-.45 12.84 12.84 0 0 0 2.81.7A2 2 0 0 1 22 16.92z\"><\/path>\r\n  <\/svg>\r\n  <span>Llamada (956) 679-3220<\/span>\r\n<\/a>\r\n\r\n\r\n      <!-- Email Button -->\r\n      <a href=\"mailto:intake@redeemerhospice.com\" class=\"cta-btn email-btn\">\r\n         <svg xmlns=\"http:\/\/www.w3.org\/2000\/svg\" width=\"24\" height=\"24\" viewbox=\"0 0 24 24\" fill=\"none\" stroke=\"currentColor\" stroke-width=\"2\" stroke-linecap=\"round\" stroke-linejoin=\"round\" class=\"lucide lucide-mail w-5 h-5\"><rect width=\"20\" height=\"16\" x=\"2\" y=\"4\" rx=\"2\"><\/rect><path d=\"m22 7-8.97 5.7a1.94 1.94 0 0 1-2.06 0L2 7\"><\/path><\/svg>\r\n        <span>Email Nos<\/span>\r\n      <\/a>\r\n    <\/div>\r\n  <\/div>\r\n<\/section>\r\n\r\n<style>\r\n\/* === Contact CTA Section === *\/\r\n.contact-cta-section {\r\n  background-color: #fff;\r\n  padding: 80px 20px;\r\n  text-align: center;\r\n}\r\n\r\n.cta-title {\r\n  font-size: 1.9rem;\r\n  font-weight: 700;\r\n  color: #222;\r\n  margin-bottom: 16px;\r\n}\r\n\r\n.cta-desc {\r\n  color: #444;\r\n  font-size: 1.05rem;\r\n  line-height: 1.6;\r\n  max-width: 700px;\r\n  margin: 0 auto 40px;\r\n}\r\n\r\n\/* === Buttons === *\/\r\n.cta-buttons {\r\n  display: flex;\r\n  flex-wrap: wrap;\r\n  justify-content: center;\r\n  gap: 14px;\r\n}\r\n\r\n.cta-btn {\r\n  display: inline-flex;\r\n  align-items: center;\r\n  gap: 8px;\r\n  font-size: 1rem;\r\n  font-weight: 600;\r\n  border-radius: 8px;\r\n  padding: 12px 20px;\r\n  text-decoration: none;\r\n  transition: all 0.3s ease;\r\n}\r\n\r\n\/* Call Button *\/\r\n.call-btn {\r\n  background-color: #325f4e;\r\n  color: #fff;\r\n}\r\n\r\n.call-btn:hover {\r\n  background-color: #2b5042;\r\n  color: #fff;\r\n}\r\n\r\n\/* Email Button *\/\r\n.email-btn {\r\n  background-color: #fff;\r\n  color: #333;\r\n  border: 1px solid #e5e7eb;\r\n}\r\n\r\n.email-btn:hover {\r\n  background-color: #f9f9f9;\r\n}\r\n\r\n\/* === Responsive === *\/\r\n@media (max-width: 768px) {\r\n  .cta-title {\r\n    font-size: 1.6rem;\r\n  }\r\n\r\n  .cta-desc {\r\n    font-size: 1rem;\r\n    margin-bottom: 30px;\r\n  }\r\n\r\n  .cta-btn {\r\n    width: 100%;\r\n    justify-content: center;\r\n  }\r\n}\r\n<\/style>\r\n\t\t\t\t<\/div>\n\t\t\t\t<\/div>\n\t\t<div class=\"elementor-element elementor-element-0d9372c e-con-full e-flex e-con e-parent\" data-id=\"0d9372c\" data-element_type=\"container\" data-e-type=\"container\">\n\t\t\t\t<div class=\"elementor-element elementor-element-f1a94a2 elementor-widget elementor-widget-html\" data-id=\"f1a94a2\" data-element_type=\"widget\" data-e-type=\"widget\" data-widget_type=\"html.default\">\n\t\t\t\t\t<section class=\"comfort-care\">\r\n  <div class=\"comfort-container\">\r\n    <h2>\u00bfListo para proporcionar comodidad y cuidado?<\/h2>\r\n    <p>\r\n      Nuestro equipo compasivo est\u00e1 disponible 24\/7 para responder preguntas y proporcionar orientaci\u00f3n\nfamilias en Laredo y \u00e1reas circundantes.\r\n    <\/p>\r\n\r\n    <div class=\"button-group\">\r\n   <a href=\"tel:9566793220\" class=\"btn btn-call\">\r\n  <svg xmlns=\"http:\/\/www.w3.org\/2000\/svg\" width=\"24\" height=\"24\" viewbox=\"0 0 24 24\" fill=\"none\" stroke=\"currentColor\" stroke-width=\"2\" stroke-linecap=\"round\" stroke-linejoin=\"round\" class=\"lucide lucide-phone w-5 h-5\">\r\n    <path d=\"M22 16.92v3a2 2 0 0 1-2.18 2 19.79 19.79 0 0 1-8.63-3.07 19.5 19.5 0 0 1-6-6 19.79 19.79 0 0 1-3.07-8.67A2 2 0 0 1 4.11 2h3a2 2 0 0 1 2 1.72 12.84 12.84 0 0 0 .7 2.81 2 2 0 0 1-.45 2.11L8.09 9.91a16 16 0 0 0 6 6l1.27-1.27a2 2 0 0 1 2.11-.45 12.84 12.84 0 0 0 2.81.7A2 2 0 0 1 22 16.92z\"><\/path>\r\n  <\/svg> Llamada (956) 679-3220\r\n<\/a>\r\n\r\n      <a href=\"\/healthcare-providers#referral\" class=\"btn btn-refer\">\r\n        <svg xmlns=\"http:\/\/www.w3.org\/2000\/svg\" width=\"24\" height=\"24\" viewbox=\"0 0 24 24\" fill=\"none\" stroke=\"currentColor\" stroke-width=\"2\" stroke-linecap=\"round\" stroke-linejoin=\"round\" class=\"lucide lucide-user-plus w-5 h-5\"><path d=\"M16 21v-2a4 4 0 0 0-4-4H6a4 4 0 0 0-4 4v2\"><\/path><circle cx=\"9\" cy=\"7\" r=\"4\"><\/circle><line x1=\"19\" x2=\"19\" y1=\"8\" y2=\"14\"><\/line><line x1=\"22\" x2=\"16\" y1=\"11\" y2=\"11\"><\/line><\/svg> Consulte a un paciente\r\n      <\/a>\r\n    <\/div>\r\n  <\/div>\r\n<\/section>\r\n\r\n<style>\r\n    .comfort-care {\r\n  background-color: #f9f9f9;\r\n  padding: 80px 20px;\r\n  text-align: center;\r\n  font-family: \"Inter\", sans-serif;\r\n  color: #fff;\r\n}\r\n\r\n.comfort-container {\r\n  background-color: #295b46;\r\n  border-radius: 16px;\r\n  padding: 60px 20px;\r\n  max-width: 1000px;\r\n  margin: 0 auto;\r\n}\r\n\r\n.comfort-container h2 {\r\n  font-size: 26px;\r\n  font-weight: 700;\r\n  margin-bottom: 20px;\r\n}\r\n\r\n.comfort-container p {\r\n  font-size: 18px;\r\n  font-weight: 400;\r\n  line-height: 1.6;\r\n  color: #e4e4e4;\r\n  max-width: 700px;\r\n  margin: 0 auto 40px;\r\n}\r\n\r\n.button-group {\r\n  display: flex;\r\n  justify-content: center;\r\n  gap: 20px;\r\n  flex-wrap: wrap;\r\n}\r\n\r\n.btn {\r\n  display: inline-flex;\r\n  align-items: center;\r\n  gap: 8px;\r\n  padding: 12px 24px;\r\n  border-radius: 8px;\r\n  font-size: 16px;\r\n  font-weight: 500;\r\n  text-decoration: none;\r\n  transition: all 0.3s ease;\r\n}\r\n\r\n.btn-call {\r\n  background-color: #5b8f7c;\r\n  color: #fff;\r\n}\r\n\r\n.btn-call:hover {\r\n  color: #fff;\r\n  transform: translateY(-3px);\r\n}\r\n\r\n.btn-refer {\r\n  background-color: #fff;\r\n  color: #295b46;\r\n}\r\n.btn-refer:hover {\r\n  color: #295b46;\r\n  transform: translateY(-3px);\r\n}\r\n\r\n\r\n\r\n\/* Responsive *\/\r\n@media (max-width: 768px) {\r\n  .comfort-container {\r\n    padding: 40px 20px;\r\n  }\r\n\r\n  .comfort-container h2 {\r\n    font-size: 22px;\r\n  }\r\n\r\n  .comfort-container p {\r\n    font-size: 16px;\r\n  }\r\n\r\n  .button-group {\r\n    flex-direction: column;\r\n    gap: 15px;\r\n  }\r\n\r\n  .btn {\r\n    width: 100%;\r\n    justify-content: center;\r\n  }\r\n}\r\n\r\n<\/style>\t\t\t\t<\/div>\n\t\t\t\t<\/div>\n\t\t\t\t<\/div>","protected":false},"excerpt":{"rendered":"<p>Candle Lighting Memorial An evening to remember and honor the people we have loved and lost. Join our community for a time of comfort, reflection, and peaceful remembrance. Furthermore, this gathering offers a meaningful way for families to connect and find comfort together. Call for Information Email Questions A Time of Remembrance and Comfort Our [&hellip;]<\/p>\n","protected":false},"author":233832948,"featured_media":0,"parent":0,"menu_order":0,"comment_status":"closed","ping_status":"closed","template":"elementor_header_footer","meta":{"_crdt_document":"","footnotes":""},"class_list":["post-263","page","type-page","status-publish","hentry"],"yoast_head":"<!-- This site is optimized with the Yoast SEO plugin v27.5 - https:\/\/yoast.com\/product\/yoast-seo-wordpress\/ -->\n<title>Candle Lighting Memorial - Reedemer Hospice<\/title>\n<meta name=\"description\" content=\"Redeemer Hospice hosts a Candle Lighting Memorial a heartfelt event to honor and remember loved ones with compassion and peace.\" \/>\n<meta name=\"robots\" content=\"index, follow, max-snippet:-1, max-image-preview:large, max-video-preview:-1\" \/>\n<link rel=\"canonical\" href=\"https:\/\/redeemerhospice.com\/es\/candle-lighting-memorial\/\" \/>\n<meta property=\"og:locale\" content=\"es_MX\" \/>\n<meta property=\"og:type\" content=\"article\" \/>\n<meta property=\"og:title\" content=\"Candle Lighting Memorial - Reedemer Hospice\" \/>\n<meta property=\"og:description\" content=\"Redeemer Hospice hosts a Candle Lighting Memorial a heartfelt event to honor and remember loved ones with compassion and peace.\" \/>\n<meta property=\"og:url\" content=\"https:\/\/redeemerhospice.com\/es\/candle-lighting-memorial\/\" \/>\n<meta property=\"og:site_name\" content=\"Reedemer Hospice\" \/>\n<meta property=\"article:modified_time\" content=\"2025-11-27T21:06:55+00:00\" \/>\n<meta name=\"twitter:card\" content=\"summary_large_image\" \/>\n<meta name=\"twitter:label1\" content=\"Tiempo de lectura\" \/>\n\t<meta name=\"twitter:data1\" content=\"4 minutos\" \/>\n<script type=\"application\/ld+json\" class=\"yoast-schema-graph\">{\"@context\":\"https:\\\/\\\/schema.org\",\"@graph\":[{\"@type\":\"WebPage\",\"@id\":\"https:\\\/\\\/redeemerhospice.com\\\/candle-lighting-memorial\\\/\",\"url\":\"https:\\\/\\\/redeemerhospice.com\\\/candle-lighting-memorial\\\/\",\"name\":\"Candle Lighting Memorial - Reedemer Hospice\",\"isPartOf\":{\"@id\":\"https:\\\/\\\/redeemerhospice.com\\\/#website\"},\"datePublished\":\"2025-11-10T19:03:18+00:00\",\"dateModified\":\"2025-11-27T21:06:55+00:00\",\"description\":\"Redeemer Hospice hosts a Candle Lighting Memorial a heartfelt event to honor and remember loved ones with compassion and peace.\",\"breadcrumb\":{\"@id\":\"https:\\\/\\\/redeemerhospice.com\\\/candle-lighting-memorial\\\/#breadcrumb\"},\"inLanguage\":\"es\",\"potentialAction\":[{\"@type\":\"ReadAction\",\"target\":[\"https:\\\/\\\/redeemerhospice.com\\\/candle-lighting-memorial\\\/\"]}]},{\"@type\":\"BreadcrumbList\",\"@id\":\"https:\\\/\\\/redeemerhospice.com\\\/candle-lighting-memorial\\\/#breadcrumb\",\"itemListElement\":[{\"@type\":\"ListItem\",\"position\":1,\"name\":\"Home\",\"item\":\"https:\\\/\\\/redeemerhospice.com\\\/\"},{\"@type\":\"ListItem\",\"position\":2,\"name\":\"Candle Lighting Memorial\"}]},{\"@type\":\"WebSite\",\"@id\":\"https:\\\/\\\/redeemerhospice.com\\\/#website\",\"url\":\"https:\\\/\\\/redeemerhospice.com\\\/\",\"name\":\"Reedemer Hospice\",\"description\":\"\",\"potentialAction\":[{\"@type\":\"SearchAction\",\"target\":{\"@type\":\"EntryPoint\",\"urlTemplate\":\"https:\\\/\\\/redeemerhospice.com\\\/?s={search_term_string}\"},\"query-input\":{\"@type\":\"PropertyValueSpecification\",\"valueRequired\":true,\"valueName\":\"search_term_string\"}}],\"inLanguage\":\"es\"}]}<\/script>\n<!-- \/ Yoast SEO plugin. -->","yoast_head_json":{"title":"Candle Lighting Memorial - Reedemer Hospice","description":"Redeemer Hospice hosts a Candle Lighting Memorial a heartfelt event to honor and remember loved ones with compassion and peace.","robots":{"index":"index","follow":"follow","max-snippet":"max-snippet:-1","max-image-preview":"max-image-preview:large","max-video-preview":"max-video-preview:-1"},"canonical":"https:\/\/redeemerhospice.com\/es\/candle-lighting-memorial\/","og_locale":"es_MX","og_type":"article","og_title":"Candle Lighting Memorial - Reedemer Hospice","og_description":"Redeemer Hospice hosts a Candle Lighting Memorial a heartfelt event to honor and remember loved ones with compassion and peace.","og_url":"https:\/\/redeemerhospice.com\/es\/candle-lighting-memorial\/","og_site_name":"Reedemer Hospice","article_modified_time":"2025-11-27T21:06:55+00:00","twitter_card":"summary_large_image","twitter_misc":{"Tiempo de lectura":"4 minutos"},"schema":{"@context":"https:\/\/schema.org","@graph":[{"@type":"WebPage","@id":"https:\/\/redeemerhospice.com\/candle-lighting-memorial\/","url":"https:\/\/redeemerhospice.com\/candle-lighting-memorial\/","name":"Candle Lighting Memorial - Reedemer Hospice","isPartOf":{"@id":"https:\/\/redeemerhospice.com\/#website"},"datePublished":"2025-11-10T19:03:18+00:00","dateModified":"2025-11-27T21:06:55+00:00","description":"Redeemer Hospice hosts a Candle Lighting Memorial a heartfelt event to honor and remember loved ones with compassion and peace.","breadcrumb":{"@id":"https:\/\/redeemerhospice.com\/candle-lighting-memorial\/#breadcrumb"},"inLanguage":"es","potentialAction":[{"@type":"ReadAction","target":["https:\/\/redeemerhospice.com\/candle-lighting-memorial\/"]}]},{"@type":"BreadcrumbList","@id":"https:\/\/redeemerhospice.com\/candle-lighting-memorial\/#breadcrumb","itemListElement":[{"@type":"ListItem","position":1,"name":"Home","item":"https:\/\/redeemerhospice.com\/"},{"@type":"ListItem","position":2,"name":"Candle Lighting Memorial"}]},{"@type":"WebSite","@id":"https:\/\/redeemerhospice.com\/#website","url":"https:\/\/redeemerhospice.com\/","name":"Reedemer Hospice","description":"","potentialAction":[{"@type":"SearchAction","target":{"@type":"EntryPoint","urlTemplate":"https:\/\/redeemerhospice.com\/?s={search_term_string}"},"query-input":{"@type":"PropertyValueSpecification","valueRequired":true,"valueName":"search_term_string"}}],"inLanguage":"es"}]}},"jetpack_sharing_enabled":true,"jetpack_shortlink":"https:\/\/wp.me\/PgUq1O-4f","jetpack-related-posts":[{"id":168,"url":"https:\/\/redeemerhospice.com\/es\/what-is-hospice\/","url_meta":{"origin":263,"position":0},"title":"What is hospice?","author":"Diego Garcia","date":"noviembre 10, 2025","format":false,"excerpt":"What is hospice care? Our interdisciplinary team of healthcare professionals works together to provide comprehensive, personalized care that addresses your physical, emotional, and spiritual needs. Call for Information Refer a Patient Understanding hospice care Hospice care is a philosophy of care that focuses on comfort, dignity, and quality of life\u2026","rel":"","context":"Entrada similar ","block_context":{"text":"Entrada similar ","link":""},"img":{"alt_text":"","src":"","width":0,"height":0},"classes":[]},{"id":228,"url":"https:\/\/redeemerhospice.com\/es\/hospice-services\/","url_meta":{"origin":263,"position":1},"title":"services","author":"Diego Garcia","date":"noviembre 11, 2025","format":false,"excerpt":"Comprehensive hospice services Our full range of hospice services is designed to provide comfort, dignity, and support for patients and families during life's most challenging moments. Call for Information Refer a Patient Core hospice services These essential services are included in all our hospice care plans, covered by Medicare. Medical\u2026","rel":"","context":"Entrada similar ","block_context":{"text":"Entrada similar ","link":""},"img":{"alt_text":"","src":"","width":0,"height":0},"classes":[]},{"id":627,"url":"https:\/\/redeemerhospice.com\/es\/blog-reedemer-hospice\/","url_meta":{"origin":263,"position":2},"title":"Blog","author":"Diego Garcia","date":"noviembre 25, 2025","format":false,"excerpt":"Redeemer Hospice Blog The Redeemer Hospice Blog offers compassionate insights, expert guidance, and educational resources for patients, families, and caregivers in Laredo, Texas. Here, you\u2019ll find supportive articles on hospice care, end-of-life planning, spiritual support, and family caregiving. Understanding Hospice Care: What to Expect Education March 15, 2024 Learn about\u2026","rel":"","context":"Entrada similar ","block_context":{"text":"Entrada similar ","link":""},"img":{"alt_text":"","src":"","width":0,"height":0},"classes":[]},{"id":243,"url":"https:\/\/redeemerhospice.com\/es\/healthcare-providers\/","url_meta":{"origin":263,"position":3},"title":"Proveedores de atenci\u00f3n m\u00e9dica","author":"Diego Garcia","date":"noviembre 11, 2025","format":false,"excerpt":"Healthcare Providers Fast and secure Medicare referrals for patients in Laredo, Texas. Redeemer Hospice partners with hospice healthcare providers to ensure patients receive compassionate, timely, and coordinated care. Why Partner with Redeemer Hospice? We make the referral process seamless so your patients receive high-quality hospice care with dignity and respect.\u2026","rel":"","context":"Entrada similar ","block_context":{"text":"Entrada similar ","link":""},"img":{"alt_text":"","src":"","width":0,"height":0},"classes":[]},{"id":250,"url":"https:\/\/redeemerhospice.com\/es\/contact-redeemer-hospice\/","url_meta":{"origin":263,"position":4},"title":"Contacto","author":"Diego Garcia","date":"noviembre 11, 2025","format":false,"excerpt":"Contact Redeemer Hospice If you need to contact Redeemer Hospice for questions, support, or guidance, our compassionate care team is here to help you. Whether you're seeking information about hospice services, care planning, or how to support a loved one, you can reach us using the form or contact details\u2026","rel":"","context":"Entrada similar ","block_context":{"text":"Entrada similar ","link":""},"img":{"alt_text":"","src":"","width":0,"height":0},"classes":[]},{"id":18,"url":"https:\/\/redeemerhospice.com\/es\/","url_meta":{"origin":263,"position":5},"title":"Homepage","author":"Diego Garcia","date":"noviembre 7, 2025","format":false,"excerpt":"Because every farewell deserves light We care from within. We honor through compassion. Explore Our Care Request Care Now Licensed in Texas Medicare-Certified Provider 24\/7 Nursing Support Our Guiding Principles of Care Rooted in medicine. Nurtured by compassion. Every moment guided by values that matter. Compassion Every action begins with\u2026","rel":"","context":"Entrada similar ","block_context":{"text":"Entrada similar ","link":""},"img":{"alt_text":"","src":"","width":0,"height":0},"classes":[]}],"_links":{"self":[{"href":"https:\/\/redeemerhospice.com\/es\/wp-json\/wp\/v2\/pages\/263","targetHints":{"allow":["GET"]}}],"collection":[{"href":"https:\/\/redeemerhospice.com\/es\/wp-json\/wp\/v2\/pages"}],"about":[{"href":"https:\/\/redeemerhospice.com\/es\/wp-json\/wp\/v2\/types\/page"}],"author":[{"embeddable":true,"href":"https:\/\/redeemerhospice.com\/es\/wp-json\/wp\/v2\/users\/233832948"}],"replies":[{"embeddable":true,"href":"https:\/\/redeemerhospice.com\/es\/wp-json\/wp\/v2\/comments?post=263"}],"version-history":[{"count":64,"href":"https:\/\/redeemerhospice.com\/es\/wp-json\/wp\/v2\/pages\/263\/revisions"}],"predecessor-version":[{"id":775,"href":"https:\/\/redeemerhospice.com\/es\/wp-json\/wp\/v2\/pages\/263\/revisions\/775"}],"wp:attachment":[{"href":"https:\/\/redeemerhospice.com\/es\/wp-json\/wp\/v2\/media?parent=263"}],"curies":[{"name":"wp","href":"https:\/\/api.w.org\/{rel}","templated":true}]}}